{"id":20760,"date":"2023-08-21T11:32:07","date_gmt":"2023-08-21T15:32:07","guid":{"rendered":"https:\/\/fin-ml.ca\/?page_id=20760"},"modified":"2023-11-06T14:35:46","modified_gmt":"2023-11-06T19:35:46","slug":"evenement-5e-anniversaire","status":"publish","type":"page","link":"https:\/\/fin-ml.ca\/fr\/evenement-5e-anniversaire\/","title":{"rendered":"Les 5 ans de Fin-ML"},"content":{"rendered":"<div class=\"vgblk-rw-wrapper limit-wrapper\">\n\n\t\t\t\t\t\t\t<img decoding=\"async\" data-src=\"https:\/\/fin-ml.ca\/wp-content\/uploads\/2023\/09\/IVADO_evenement_FinML_5ans_1200x630_reseauSociaux.jpg\" alt=\"IVADO_evenement_FinML_5ans_1200x630_reseauSociaux\" itemprop=\"image\" height=\"630\" width=\"1201\" title=\"IVADO_evenement_FinML_5ans_1200x630_reseauSociaux\" onerror=\"this.style.display='none'\"  data-sizes=\"(max-width: 768px) 100vw, 100vw\" data-srcset=\"https:\/\/b2579716.smushcdn.com\/2579716\/wp-content\/uploads\/2023\/09\/IVADO_evenement_FinML_5ans_1200x630_reseauSociaux-300x157.jpg?lossy=1&amp;strip=1&amp;webp=1 300w, https:\/\/b2579716.smushcdn.com\/2579716\/wp-content\/uploads\/2023\/09\/IVADO_evenement_FinML_5ans_1200x630_reseauSociaux-315x165.jpg?lossy=1&amp;strip=1&amp;webp=1 315w, https:\/\/b2579716.smushcdn.com\/2579716\/wp-content\/uploads\/2023\/09\/IVADO_evenement_FinML_5ans_1200x630_reseauSociaux-420x220.jpg?lossy=1&amp;strip=1&amp;webp=1 420w, https:\/\/b2579716.smushcdn.com\/2579716\/wp-content\/uploads\/2023\/09\/IVADO_evenement_FinML_5ans_1200x630_reseauSociaux.jpg?size=504x264&amp;lossy=1&amp;strip=1&amp;webp=1 504w, https:\/\/b2579716.smushcdn.com\/2579716\/wp-content\/uploads\/2023\/09\/IVADO_evenement_FinML_5ans_1200x630_reseauSociaux-630x330.jpg?lossy=1&amp;strip=1&amp;webp=1 630w, https:\/\/b2579716.smushcdn.com\/2579716\/wp-content\/uploads\/2023\/09\/IVADO_evenement_FinML_5ans_1200x630_reseauSociaux.jpg?size=756x397&amp;lossy=1&amp;strip=1&amp;webp=1 756w, https:\/\/b2579716.smushcdn.com\/2579716\/wp-content\/uploads\/2023\/09\/IVADO_evenement_FinML_5ans_1200x630_reseauSociaux-840x441.jpg?lossy=1&amp;strip=1&amp;webp=1 840w, https:\/\/b2579716.smushcdn.com\/2579716\/wp-content\/uploads\/2023\/09\/IVADO_evenement_FinML_5ans_1200x630_reseauSociaux-1024x537.jpg?lossy=1&amp;strip=1&amp;webp=1 1024w, https:\/\/b2579716.smushcdn.com\/2579716\/wp-content\/uploads\/2023\/09\/IVADO_evenement_FinML_5ans_1200x630_reseauSociaux.jpg?lossy=1&amp;strip=1&amp;webp=1 1201w\" src=\"data:image\/gif;base64,R0lGODlhAQABAAAAACH5BAEKAAEALAAAAAABAAEAAAICTAEAOw==\" class=\"lazyload\" style=\"--smush-placeholder-width: 1201px; --smush-placeholder-aspect-ratio: 1201\/630;\" \/>\t\t\t\t\t\t\t\n\tL&rsquo;\u00e9v\u00e9nement marquant les 5 ans de Fin-ML se tiendra en pr\u00e9sentiel\u00a0<strong>les 7 et 8 novembre prochain, \u00e0 Montr\u00e9al<\/strong>.\n<p>Cet \u00e9v\u00e9nement servira de vitrine aux travaux et aux accomplissements r\u00e9alis\u00e9s jusqu&rsquo;ici, ainsi que les tendances observ\u00e9es sur le march\u00e9 \u00e0 la suite de la mise en application des diff\u00e9rents mod\u00e8les en apprentissage automatique dans le secteur des investissements, de la banque et de l&rsquo;assurance.<\/p>\n<p>Depuis 2018, gr\u00e2ce au programme\u00a0<a href=\"http:\/\/www.nserc-crsng.gc.ca\/Professors-Professeurs\/Grants-Subs\/CREATE-FONCER_fra.asp\">CRSNG-FONCER<\/a>\u00a0sur l&rsquo;apprentissage automatique en finance quantitative et intelligence d&rsquo;affaires (Fin-ML FONCER), plus d&rsquo;une centaine d&rsquo;\u00e9tudiant.e.s, de tous niveaux, ont \u00e9t\u00e9 form\u00e9.e.s afin de r\u00e9pondre aux besoins concrets et aux d\u00e9fis en mod\u00e9lisation et en impl\u00e9mentation des entreprises du secteur financier canadien.<\/p>\n\t\t\t<a href=\"https:\/\/www.eventbrite.ca\/e\/fin-mls-5-year-anniversary-tickets-681592971927\" target=\"_blank\" rel=\"noopener\">\n\t\t\t\t\t\t\tInscription\n\t\t\t\t\t<\/a>\n<h2>\n\t\tLieu\n\t<\/h2>\n\t<h5><strong>HEC Montr\u00e9al &#8211; \u00c9difice H\u00e9l\u00e8ne-Desmarais<\/strong><\/h5>\n<h5><strong>A.335 Amphith\u00e9\u00e2tre | Rachelle et Alain-Paris<\/strong><\/h5>\n501, rue De La Gaucheti\u00e8re Ouest<br \/>\nMontr\u00e9al (Qu\u00e9bec) H2Z 1X6\n<p>M\u00e9tro :\u00a0<a href=\"https:\/\/www.stm.info\/fr\/infos\/reseaux\/metro\/square-victoria-oaci\">Square-Victoria-OACI<\/a><\/p>\n<p>REM :\u00a0<a href=\"https:\/\/rem.info\/fr\/se-deplacer\/stations-du-reseau\/gare-centrale\">Gare centrale<\/a><\/p>\n\t\t<iframe data-src=\"https:\/\/maps.google.com\/maps?q=501+rue+de+la+gaucheti%C3%A8re+ouest&#038;iwloc=near&#038;output=embed\" height=\"300\" frameborder=\"0\" src=\"data:image\/gif;base64,R0lGODlhAQABAAAAACH5BAEKAAEALAAAAAABAAEAAAICTAEAOw==\" class=\"lazyload\" data-load-mode=\"1\"><\/iframe>\n<h2>\n\t\tProgramme\n\t<\/h2>\n\t\t\t<a href=\"https:\/\/fin-ml.ca\/wp-content\/uploads\/2023\/11\/Final-program_vf.pdf\" target=\"_blank\" rel=\"noopener\">\n\t\t\t\t\t\t\tVOIR L&rsquo;HORAIRE D\u00c9TAILL\u00c9\n\t\t\t\t\t<\/a>\n\t<h5>En vedette:<\/h5>\n<ul>\n<li><strong>5 professeur.e.s <\/strong>invit\u00e9.e.s<\/li>\n<li><strong>30+ \u00e9tudiant.e.s et alumni Fin-ML<\/strong>\u00a0&#8211; pr\u00e9sentant leurs projets collaboratifs ou leurs th\u00e8ses avec le soutien de plusieurs de nos partenaires industriels!<\/li>\n<li>Panel sp\u00e9cial pr\u00e9sent\u00e9 par <a href=\"https:\/\/mcgillstlaurent.com\/\">McGill St-Laurent<\/a> <strong>sur comment naviguer dans le \u00ab Wild West \u00bb des cr\u00e9dits carbone<\/strong>!<\/li>\n<li><strong>7 th\u00e8mes<\/strong> r\u00e9partis sur 2 jours repr\u00e9sentant les derni\u00e8res recherches et tendances.<\/li>\n<li><strong>\u00c9v\u00e9nement de r\u00e9seautage<\/strong> \u00e0 ne pas manquer! L&rsquo;occasion d&rsquo;entrer en contact avec l&rsquo;industrie et le monde universitaire.<\/li>\n<\/ul>\n\t<p>La plupart des pr\u00e9sentations seront donn\u00e9es en anglais afin d&rsquo;accommoder les \u00e9tudiant.e.s des universit\u00e9s participantes hors-province.<\/p>\n\t<h2>Un grand MERCI \u00e0 nos commanditaires!<\/h2>\n<p><img decoding=\"async\" data-src=\"https:\/\/fin-ml.ca\/wp-content\/uploads\/2023\/11\/BN_2D_4c-300x87.jpg\" alt=\"\" width=\"300\" height=\"87\" src=\"data:image\/gif;base64,R0lGODlhAQABAAAAACH5BAEKAAEALAAAAAABAAEAAAICTAEAOw==\" class=\"lazyload\" style=\"--smush-placeholder-width: 300px; --smush-placeholder-aspect-ratio: 300\/87;\" \/> <img decoding=\"async\" data-src=\"https:\/\/fin-ml.ca\/wp-content\/uploads\/2023\/11\/finance_montreal-300x118.png\" alt=\"\" width=\"300\" height=\"118\" src=\"data:image\/gif;base64,R0lGODlhAQABAAAAACH5BAEKAAEALAAAAAABAAEAAAICTAEAOw==\" class=\"lazyload\" style=\"--smush-placeholder-width: 300px; --smush-placeholder-aspect-ratio: 300\/118;\" \/><\/p>\n\n<\/div><!-- .vgblk-rw-wrapper -->","protected":false},"excerpt":{"rendered":"<p>L&rsquo;\u00e9v\u00e9nement marquant les 5 ans de Fin-ML se tiendra en pr\u00e9sentiel\u00a0les 7 et 8 novembre prochain, \u00e0 Montr\u00e9al. Cet \u00e9v\u00e9nement servira de vitrine aux travaux et aux accomplissements r\u00e9alis\u00e9s jusqu&rsquo;ici, ainsi que les tendances observ\u00e9es sur le march\u00e9 \u00e0 la suite de la mise en application des diff\u00e9rents mod\u00e8les en apprentissage automatique dans le secteur&#8230;<\/p>\n","protected":false},"author":4,"featured_media":0,"parent":0,"menu_order":0,"comment_status":"closed","ping_status":"closed","template":"","meta":{"inline_featured_image":false,"footnotes":""},"class_list":["post-20760","page","type-page","status-publish","hentry"],"jetpack_sharing_enabled":true,"_links":{"self":[{"href":"https:\/\/fin-ml.ca\/fr\/wp-json\/wp\/v2\/pages\/20760","targetHints":{"allow":["GET"]}}],"collection":[{"href":"https:\/\/fin-ml.ca\/fr\/wp-json\/wp\/v2\/pages"}],"about":[{"href":"https:\/\/fin-ml.ca\/fr\/wp-json\/wp\/v2\/types\/page"}],"author":[{"embeddable":true,"href":"https:\/\/fin-ml.ca\/fr\/wp-json\/wp\/v2\/users\/4"}],"replies":[{"embeddable":true,"href":"https:\/\/fin-ml.ca\/fr\/wp-json\/wp\/v2\/comments?post=20760"}],"version-history":[{"count":0,"href":"https:\/\/fin-ml.ca\/fr\/wp-json\/wp\/v2\/pages\/20760\/revisions"}],"wp:attachment":[{"href":"https:\/\/fin-ml.ca\/fr\/wp-json\/wp\/v2\/media?parent=20760"}],"curies":[{"name":"wp","href":"https:\/\/api.w.org\/{rel}","templated":true}]}}